{"id":28,"date":"2023-06-22T15:44:32","date_gmt":"2023-06-22T15:44:32","guid":{"rendered":"https:\/\/kammerorchester-freiburg.de\/?page_id=28"},"modified":"2026-04-14T20:33:04","modified_gmt":"2026-04-14T20:33:04","slug":"mitspielen","status":"publish","type":"page","link":"https:\/\/kammerorchester-freiburg.de\/?page_id=28","title":{"rendered":"Mitspielen"},"content":{"rendered":"\n<p>Endlich k\u00f6nnen wir wieder proben! Wenn du Lust hast, bei uns einzusteigen, ist das kommende Semester der ideale Zeitpunkt daf\u00fcr. Wir bereiten f\u00fcr das Sommersemester 2026 ein neues Konzertprogramm vor.<\/p>\n\n\n\n<p>Aktuell suchen wir Verst\u00e4rkung in folgenden Registern \u2013 <strong>ohne Vorspiel<\/strong>:<\/p>\n\n\n\n<ul class=\"wp-block-list\">\n<li>Bratsche<\/li>\n\n\n\n<li>Kontrabass<\/li>\n\n\n\n<li>Oboe<\/li>\n\n\n\n<li>Posaune<\/li>\n\n\n\n<li>Horn<\/li>\n<\/ul>\n\n\n\n<p>Und Verst\u00e4rkung in diesen Registern  \u2013 <strong>vermutlich mit Vorspiel<\/strong>:<\/p>\n\n\n\n<ul class=\"wp-block-list\">\n<li>Geige<\/li>\n\n\n\n<li>Cello<\/li>\n<\/ul>\n\n\n\n<p>Die erste Probe im Sommersemester 2026 ist am 24.04.2025 um 19:30 Uhr.<\/p>\n\n\n\n<p>Unsere Proben finden immer Dienstags ab 19:30 Uhr im H\u00f6rsaal Psychologie Engelbergerstra\u00dfe 41c, statt.<\/p>\n\n\n\n<p>Dieses Sommersemester 2026 finden zwei Probentage von ca. 10-17 Uhr im selbigen H\u00f6rsaal statt. Die Konzerttermine sind vermutlich 18.07. und 19.07.2026.<\/p>\n\n\n\n<p>Wenn du Lust hast, bei uns mitzuspielen oder einfach mal eine Probe reinzuschnuppern, w\u00fcrden wir uns sehr \u00fcber Dein Kommen freuen!<\/p>\n\n\n\n<p>Du kannst uns auch sehr gerne eine <a href=\"mailto:info@kammerorchester-freiburg.de\">Mail<\/a> (<a href=\"mailto:info-jko@gmx.de\">info-jko@gmx.de<\/a>)schreiben, um auf dem Laufenden zu bleiben!<\/p>\n\n\n\n<p><\/p>\n","protected":false},"excerpt":{"rendered":"<p>Endlich k\u00f6nnen wir wieder proben! Wenn du Lust hast, bei uns einzusteigen, ist das kommende Semester der ideale Zeitpunkt daf\u00fcr. Wir bereiten f\u00fcr das Sommersemester 2026 ein neues Konzertprogramm vor. [&hellip;]<\/p>\n","protected":false},"author":1,"featured_media":0,"parent":0,"menu_order":0,"comment_status":"closed","ping_status":"closed","template":"","meta":{"_EventAllDay":false,"_EventTimezone":"","_EventStartDate":"","_EventEndDate":"","_EventStartDateUTC":"","_EventEndDateUTC":"","_EventShowMap":false,"_EventShowMapLink":false,"_EventURL":"","_EventCost":"","_EventCostDescription":"","_EventCurrencySymbol":"","_EventCurrencyCode":"","_EventCurrencyPosition":"","_EventDateTimeSeparator":"","_EventTimeRangeSeparator":"","_EventOrganizerID":[],"_EventVenueID":[],"_OrganizerEmail":"","_OrganizerPhone":"","_OrganizerWebsite":"","_VenueAddress":"","_VenueCity":"","_VenueCountry":"","_VenueProvince":"","_VenueState":"","_VenueZip":"","_VenuePhone":"","_VenueURL":"","_VenueStateProvince":"","_VenueLat":"","_VenueLng":"","_VenueShowMap":false,"_VenueShowMapLink":false,"footnotes":""},"class_list":["post-28","page","type-page","status-publish","hentry"],"_links":{"self":[{"href":"https:\/\/kammerorchester-freiburg.de\/index.php?rest_route=\/wp\/v2\/pages\/28","targetHints":{"allow":["GET"]}}],"collection":[{"href":"https:\/\/kammerorchester-freiburg.de\/index.php?rest_route=\/wp\/v2\/pages"}],"about":[{"href":"https:\/\/kammerorchester-freiburg.de\/index.php?rest_route=\/wp\/v2\/types\/page"}],"author":[{"embeddable":true,"href":"https:\/\/kammerorchester-freiburg.de\/index.php?rest_route=\/wp\/v2\/users\/1"}],"replies":[{"embeddable":true,"href":"https:\/\/kammerorchester-freiburg.de\/index.php?rest_route=%2Fwp%2Fv2%2Fcomments&post=28"}],"version-history":[{"count":17,"href":"https:\/\/kammerorchester-freiburg.de\/index.php?rest_route=\/wp\/v2\/pages\/28\/revisions"}],"predecessor-version":[{"id":125,"href":"https:\/\/kammerorchester-freiburg.de\/index.php?rest_route=\/wp\/v2\/pages\/28\/revisions\/125"}],"wp:attachment":[{"href":"https:\/\/kammerorchester-freiburg.de\/index.php?rest_route=%2Fwp%2Fv2%2Fmedia&parent=28"}],"curies":[{"name":"wp","href":"https:\/\/api.w.org\/{rel}","templated":true}]}}